{"id":3,"date":"2026-01-06T14:20:09","date_gmt":"2026-01-06T14:20:09","guid":{"rendered":"https:\/\/infocard.hu\/shop\/?page_id=3"},"modified":"2026-02-02T16:09:01","modified_gmt":"2026-02-02T16:09:01","slug":"privacy-policy","status":"publish","type":"page","link":"https:\/\/infocard.hu\/shop\/privacy-policy\/","title":{"rendered":"Adatv\u00e9delmi \u00e9s adatkezel\u00e9si szab\u00e1lyzat (GDPR)"},"content":{"rendered":"\r\n\r\n\r\n\r\n\r\n\r\n\r\n\r\n\r\n\r\n\r\n\r\n\r\n<p><span style=\"color: #000000;\">Adatv\u00e9delmi \u00e9s adatkezel\u00e9si szab\u00e1lyzat (GDPR)<\/span> <span style=\"color: #000000;\">A szab\u00e1lyzat c\u00e9lja:<\/span> <span style=\"color: #000000;\">Jelen szab\u00e1lyzat c\u00e9lja az InfoCart-Team Bt. \u2013 C\u00e9gj.sz\u00e1m: 01 06 789704, Ad\u00f3sz\u00e1m: 25327474-1-41, Sz\u00e9khely: 1034 Budapest, B\u00e9csi \u00fat 125, Feln\u0151ttk\u00e9pz\u00e9si tev\u00e9kenys\u00e9g nyilv\u00e1ntart\u00e1si sz\u00e1ma: B\/2021\/000972), telefon 36205172068, email info@infocart.hu<\/span> <span style=\"color: #000000;\">Nyilv\u00e1ntart\u00f3 hat\u00f3s\u00e1g:<\/span> <span style=\"color: #000000;\">F\u0151v\u00e1rosi T\u00f6rv\u00e9nysz\u00e9k C\u00e9gb\u00edr\u00f3s\u00e1ga) adatv\u00e9delmi \u00e9s adatkezel\u00e9si politik\u00e1j\u00e1nak r\u00f6gz\u00edt\u00e9se a t\u00f6rv\u00e9nyben meghat\u00e1rozott adatv\u00e9delmi \u00e9s adatkezel\u00e9si elvek figyelembev\u00e9tel\u00e9vel, mely \u00e1ltal a Szolg\u00e1ltat\u00f3 valamennyi szolg\u00e1ltat\u00e1s\u00e1nak ig\u00e9nybev\u00e9tele sor\u00e1n biztos\u00edtott legyen az \u00e9rintettek szem\u00e9lyhez f\u0171z\u0151d\u0151 jogainak, k\u00fcl\u00f6n\u00f6s tekintettel szem\u00e9lyes adatok v\u00e9delm\u00e9hez val\u00f3 jog\u00e1nak tiszteletben tart\u00e1sa az \u00e9rintettek szem\u00e9lyes adatainak g\u00e9pi feldolgoz\u00e1sa, illet\u0151leg kezel\u00e9se sor\u00e1n.<\/span> <span style=\"color: #000000;\">1. \u00c9rtelmez\u0151 rendelkez\u00e9sek<\/span> <span style=\"color: #000000;\">1.1. Adatkezel\u0151: az a term\u00e9szetes vagy jogi szem\u00e9ly, illetve jogi szem\u00e9lyis\u00e9ggel nem rendelkez\u0151 szervezet, aki vagy amely \u00f6n\u00e1ll\u00f3an vagy m\u00e1sokkal egy\u00fctt az adat kezel\u00e9s\u00e9nek c\u00e9lj\u00e1t meghat\u00e1rozza, az adatkezel\u00e9sre<\/span> <span style=\"color: #000000;\">(bele\u00e9rtve a felhaszn\u00e1lt eszk\u00f6zt) vonatkoz\u00f3 d\u00f6nt\u00e9seket meghozza \u00e9s v\u00e9grehajtja, vagy az adatfeldolgoz\u00f3val v\u00e9grehajtatja.<\/span> <span style=\"color: #000000;\">1.2. Adatkezel\u00e9s: az alkalmazott elj\u00e1r\u00e1st\u00f3l f\u00fcggetlen\u00fcl az adaton v\u00e9gzett b\u00e1rmely m\u0171velet vagy a m\u0171veletek \u00f6sszess\u00e9ge, \u00edgy k\u00fcl\u00f6n\u00f6sen gy\u0171jt\u00e9se, felv\u00e9tele, r\u00f6gz\u00edt\u00e9se, rendszerez\u00e9se, t\u00e1rol\u00e1sa, megv\u00e1ltoztat\u00e1sa, felhaszn\u00e1l\u00e1sa, lek\u00e9rdez\u00e9se, tov\u00e1bb\u00edt\u00e1sa, nyilv\u00e1noss\u00e1gra hozatala,<\/span> <span style=\"color: #000000;\">\u00f6sszehangol\u00e1sa vagy \u00f6sszekapcsol\u00e1sa, z\u00e1rol\u00e1sa, t\u00f6rl\u00e9se \u00e9s megsemmis\u00edt\u00e9se, valamint az adat tov\u00e1bbi felhaszn\u00e1l\u00e1s\u00e1nak megakad\u00e1lyoz\u00e1sa, f\u00e9nyk\u00e9p, hang vagy k\u00e9pfelv\u00e9tel k\u00e9sz\u00edt\u00e9se, valamint a szem\u00e9ly azonos\u00edt\u00e1s\u00e1ra alkalmas fizikai jellemz\u0151k (pl. ujj- vagy teny\u00e9rnyomat, DNS-minta, \u00edriszk\u00e9p) r\u00f6gz\u00edt\u00e9se.<\/span> <span style=\"color: #000000;\">1.3. Szem\u00e9lyes adat: az \u00e9rintettel kapcsolatba hozhat\u00f3 adat &#8211; k\u00fcl\u00f6n\u00f6sen az \u00e9rintett neve, azonos\u00edt\u00f3 jele, valamint egy vagy t\u00f6bb fizikai, fiziol\u00f3giai, ment\u00e1lis, gazdas\u00e1gi, kultur\u00e1lis vagy szoci\u00e1lis azonoss\u00e1g\u00e1ra jellemz\u0151 ismeret -, valamint az adatb\u00f3l levonhat\u00f3, az \u00e9rintettre vonatkoz\u00f3 k\u00f6vetkeztet\u00e9s.<\/span> <span style=\"color: #000000;\">1.4. Hozz\u00e1j\u00e1rul\u00e1s: az \u00e9rintett akarat\u00e1nak \u00f6nk\u00e9ntes \u00e9s hat\u00e1rozott kinyilv\u00e1n\u00edt\u00e1sa, amely megfelel\u0151 t\u00e1j\u00e9koztat\u00e1son alapul, \u00e9s amellyel f\u00e9lre\u00e9rthetetlen beleegyez\u00e9s\u00e9t adja a r\u00e1 vonatkoz\u00f3 szem\u00e9lyes adat- teljes k\u00f6r\u0171 vagy egyes m\u0171veletekre kiterjed\u0151 \u2013 kezel\u00e9s\u00e9hez.<\/span> <span style=\"color: #000000;\">1.5. Adatfeldolgoz\u00e1s: az adatkezel\u00e9si m\u0171veletekhez kapcsol\u00f3d\u00f3 technikai feladatok elv\u00e9gz\u00e9se, f\u00fcggetlen\u00fcl a m\u0171veletek v\u00e9grehajt\u00e1s\u00e1hoz alkalmazott m\u00f3dszert\u0151l \u00e9s eszk\u00f6zt\u0151l, valamint az alkalmaz\u00e1s hely\u00e9t\u0151l, felt\u00e9ve hogy a technikai feladatot az adaton v\u00e9gzik.<\/span> <span style=\"color: #000000;\">1.6. Adatfeldolgoz\u00f3: az a term\u00e9szetes vagy jogi szem\u00e9ly, illetve jogi szem\u00e9lyis\u00e9ggel nem rendelkez\u0151 szervezet, aki vagy amely szerz\u0151d\u00e9s alapj\u00e1n &#8211; bele\u00e9rtve a jogszab\u00e1ly rendelkez\u00e9se alapj\u00e1n k\u00f6t\u00f6tt szerz\u0151d\u00e9st is &#8211; adatok feldolgoz\u00e1s\u00e1t v\u00e9gzi.<\/span> <span style=\"color: #000000;\">1.7. \u00c9rintett: b\u00e1rmely meghat\u00e1rozott, szem\u00e9lyes adat alapj\u00e1n azonos\u00edtott vagy &#8211; k\u00f6zvetlen\u00fcl vagy k\u00f6zvetve &#8211; azonos\u00edthat\u00f3 term\u00e9szetes szem\u00e9ly.<\/span> <span style=\"color: #000000;\">2. Az adatkezel\u0151 megnevez\u00e9se: InfoCart-Team Bt., (sz\u00e9khelye: 1034 Budapest, B\u00e9csi \u00fat 125. 3 emelet 18 ajt\u00f3. E-mail: info@infocart.hu. C\u00e9gj.sz\u00e1m: 01 06 789704, Ad\u00f3sz\u00e1m: 25327474-1-41<\/span> <span style=\"color: #000000;\">Az \u00dcgyf\u00e9l szem\u00e9lyes adatainak kezel\u00e9se sor\u00e1n a Szolg\u00e1ltat\u00f3 betartja az inform\u00e1ci\u00f3s \u00f6nrendelkez\u00e9si jogr\u00f3l sz\u00f3l\u00f3 2011. \u00e9vi CXII. t\u00f6rv\u00e9ny el\u0151\u00edr\u00e1sait. Tekintettel arra, hogy az adatkezel\u00e9s az adatkezel\u0151vel \u00fcgyf\u00e9lkapcsolatban \u00e1ll\u00f3 felhaszn\u00e1l\u00f3kra vonatkozik, \u00edgy az adatkezel\u00e9s adatv\u00e9delmi nyilv\u00e1ntart\u00e1sba v\u00e9tele nem sz\u00fcks\u00e9ges 2011. \u00e9vi CXII. t\u00f6rv\u00e9ny 65. \u00a7 (3) a) pontja \u00e9rtelm\u00e9ben: Nem vezet adatv\u00e9delmi nyilv\u00e1ntart\u00e1st a Hat\u00f3s\u00e1g arr\u00f3l az adatkezel\u00e9sr\u0151l, amely a) az adatkezel\u0151vel munkaviszonyban, tags\u00e1gi viszonyban, \u00f3vodai nevel\u00e9sben val\u00f3 r\u00e9szv\u00e9telre ir\u00e1nyul\u00f3, tanul\u00f3i vagy tanul\u00f3szerz\u0151d\u00e9ses jogviszonyban, koll\u00e9giumi tags\u00e1gi viszonyban vagy &#8211; a p\u00e9nz\u00fcgyi szervezetek, k\u00f6z\u00fczemi szolg\u00e1ltat\u00f3k, elektronikus h\u00edrk\u00f6zl\u00e9si szolg\u00e1ltat\u00f3k \u00fcgyfelei kiv\u00e9tel\u00e9vel &#8211; \u00fcgyf\u00e9lkapcsolatban \u00e1ll\u00f3 szem\u00e9lyek adataira vonatkozik.<\/span> <span style=\"color: #000000;\">Az \u00dcgyf\u00e9l mindenkor jogosult az adatkezel\u00e9st letiltani.<\/span> <span style=\"color: #000000;\">2.1 Az adatok megismer\u00e9s\u00e9re jogosult term\u00e9szetes \u00e9s jogi szem\u00e9lyek, az adatfeldolgoz\u00f3:<\/span> <span style=\"color: #000000;\">Az adatokat az adatkezel\u0151 \u00e9s annak munkat\u00e1rsai jogosultak megismerni, az adatokat nem teszik k\u00f6zz\u00e9, harmadik szem\u00e9lyek sz\u00e1m\u00e1ra nem adj\u00e1k ki.<\/span> <span style=\"color: #000000;\">Egy\u00e9b adatfeldolgoz\u00f3 megnevez\u00e9se: InfoCart-Team Bt. f\u0151tev\u00e9kenys\u00e9g: J\u00e1rm\u0171vezet\u0151-oktat\u00e1s. Adatkezel\u0151 a sz\u00e1mla kibocs\u00e1t\u00e1sa c\u00e9lj\u00e1b\u00f3l \u00fcgyf\u00e9l \u00e1ltal megadott adatokat tov\u00e1bb\u00edtja az \u00dcgyf\u00e9l r\u00e9sz\u00e9re. Az adattov\u00e1bb\u00edt\u00e1s c\u00e9lj\u00e1nak megjel\u00f6l\u00e9se: az \u00fcgyf\u00e9l r\u00e9sz\u00e9re sz\u00e1mla ki\u00e1ll\u00edt\u00e1sa, melyet adatkezel\u0151 az \u00fcgyf\u00e9l \u00e1ltal megadott sz\u00e1ml\u00e1z\u00e1si c\u00edmre, elektronikus sz\u00e1mla eset\u00e9n az \u00fcgyf\u00e9l \u00e1ltal megadott e-mail c\u00edmre k\u00fcld.<\/span> <span style=\"color: #000000;\">2.2 A kezelt szem\u00e9lyes adatok k\u00f6re<\/span> <span style=\"color: #000000;\">A regisztr\u00e1ci\u00f3 sor\u00e1n az \u00dcgyf\u00e9lnek k\u00f6telez\u0151en meg kell adnia a k\u00f6vetkez\u0151 szem\u00e9lyes adatokat:<\/span> <span style=\"color: #000000;\">N\u00e9v, Lakc\u00edm, Tart\u00f3zkod\u00e1si c\u00edm, E-mail c\u00edm, Telefonsz\u00e1m, amennyiben rendelkezik vele, C\u00e9g megnevez\u00e9se, Ad\u00f3sz\u00e1m.<\/span> <span style=\"color: #000000;\">Az infocard.hu honlap \u2013 tov\u00e1bbiakban: Weboldal &#8211; az \u00dcgyf\u00e9l adatait a regisztr\u00e1ci\u00f3val kapcsolatos azonos\u00edt\u00e1s \u00e9rdek\u00e9ben megk\u00e9ri, de azokat nem t\u00e1rolja \u00e9s azokat az adatkezel\u0151 tov\u00e1bbadni sem rekl\u00e1mfelhaszn\u00e1l\u00e1s, sem egy\u00e9b c\u00e9lra &#8211; az \u00dcgyf\u00e9l kifejezett hozz\u00e1j\u00e1rul\u00e1sa hi\u00e1ny\u00e1ban &#8211; nem jogosult. A weboldalon t\u00f6rt\u00e9n\u0151 regisztr\u00e1ci\u00f3val, a felhaszn\u00e1l\u00e1si felt\u00e9telek elfogad\u00e1s\u00e1val \u00dcgyf\u00e9l kijelenti, hogy a Szolg\u00e1ltat\u00f3 \u00e1ltal r\u00e9sz\u00e9re megtekint\u00e9sre ingyenesen felk\u00edn\u00e1lt anyagok tekintet\u00e9ben az anyag megismer\u00e9s\u00e9nek sz\u00e1nd\u00e9k\u00e1val \u00fcgyf\u00e9lkapcsolatot l\u00e9tes\u00edt Szolg\u00e1ltat\u00f3val, melynek keret\u00e9ben a fentiekben megjel\u00f6lt adatainak illet\u0151leg a szolg\u00e1ltat\u00e1s haszn\u00e1lat\u00e1hoz sz\u00fcks\u00e9ges m\u00e9rt\u00e9kben a Bal1 Aut\u00f3siskola (InfoCart-Team Bt.) \u00e1ltali kezel\u00e9s\u00e9hez hozz\u00e1j\u00e1rul\u00e1s\u00e1t adja. Ezen rendelkez\u00e9sre figyelemmel Szolg\u00e1ltat\u00f3 a Regisztr\u00e1lt szem\u00e9lyeket \u00fcgyf\u00e9lk\u00e9nt kezeli, az adatkezel\u00e9s sor\u00e1n az \u00fcgyfelekre vonatkoz\u00f3 rendelkez\u00e9sek betart\u00e1s\u00e1val.<\/span> <span style=\"color: #000000;\">A Weboldalon tett l\u00e1togat\u00e1sok sor\u00e1n egy vagy t\u00f6bb cookie-t &#8211; apr\u00f3 inform\u00e1ci\u00f3csomagot, amelyet a szerver k\u00fcld a b\u00f6ng\u00e9sz\u0151nek, majd a b\u00f6ng\u00e9sz\u0151 visszak\u00fcld a szervernek minden, a szerver fel\u00e9 ir\u00e1ny\u00edtott k\u00e9r\u00e9s alkalm\u00e1val &#8211; k\u00fcld\u00fcnk az \u00dcgyf\u00e9l sz\u00e1m\u00edt\u00f3g\u00e9p\u00e9re, amely(ek) r\u00e9v\u00e9n annak b\u00f6ng\u00e9sz\u0151je egyedileg azonos\u00edthat\u00f3 lesz. Ezen cookie-k kiz\u00e1r\u00f3lag a felhaszn\u00e1l\u00f3i \u00e9lm\u00e9ny jav\u00edt\u00e1sa, a bel\u00e9p\u00e9si folyamat automatiz\u00e1l\u00e1sa, \u00e9rdek\u00e9ben m\u0171k\u00f6dnek.<\/span> <span style=\"color: #000000;\">3. Az adatkezel\u00e9s jogalapja, m\u00f3dja \u00e9s c\u00e9lja:<\/span> <span style=\"color: #000000;\">3.1. Az adatkezel\u00e9sre az infocard.hu\/ oldalon (a tov\u00e1bbiakban: Weboldal) tal\u00e1lhat\u00f3<\/span> <span style=\"color: #000000;\">internetes tartalmak felhaszn\u00e1l\u00f3inak \u00f6nk\u00e9ntes, megfelel\u0151 t\u00e1j\u00e9koztat\u00e1son alapul\u00f3 nyilatkozata<\/span> <span style=\"color: #000000;\">alapj\u00e1n ker\u00fcl sor, amely nyilatkozat tartalmazza a felhaszn\u00e1l\u00f3k kifejezett hozz\u00e1j\u00e1rul\u00e1s\u00e1t ahhoz, hogy a regisztr\u00e1ci\u00f3 sor\u00e1n k\u00f6z\u00f6lt szem\u00e9lyes adataik felhaszn\u00e1l\u00e1sra ker\u00fcljenek.<\/span> <span style=\"color: #000000;\">Az adatkezel\u00e9s jogalapja az \u00e9rintett \u00f6nk\u00e9ntes hozz\u00e1j\u00e1rul\u00e1sa. A hozz\u00e1j\u00e1rul\u00e1st Felhaszn\u00e1l\u00f3 a fentiekben megjel\u00f6lt adatok kezel\u00e9se tekintet\u00e9ben jelen adatv\u00e9delmi szab\u00e1lyzat el\u0151zetes megismer\u00e9s\u00e9t k\u00f6vet\u0151en t\u00f6rt\u00e9n\u0151 kifejezett elfogad\u00e1s\u00e1val \u2013 az erre vonatkoz\u00f3 jel\u00f6l\u0151n\u00e9gyzet kipip\u00e1l\u00e1s\u00e1val \u2013 illet\u0151leg a Weboldal haszn\u00e1lat\u00e1val, a regisztr\u00e1ci\u00f3val, a k\u00e9rd\u00e9ses adatok \u00f6nk\u00e9ntes megad\u00e1s\u00e1val adja meg.<\/span> <span style=\"color: #000000;\">3.2. Az adatkezel\u00e9s c\u00e9lja a sz\u00e1mviteli szab\u00e1lyzatokkal kapcsolatos szolg\u00e1ltat\u00e1sok ny\u00fajt\u00e1s\u00e1nak<\/span> <span style=\"color: #000000;\">biztos\u00edt\u00e1sa. A Szolg\u00e1ltat\u00f3 az \u00dcgyf\u00e9l \u00e1ltal rendelkez\u00e9sre bocs\u00e1tott adatokat c\u00e9lhoz k\u00f6t\u00f6tten, kiz\u00e1r\u00f3lag az esetlegesen l\u00e9trej\u00f6v\u0151 megrendel\u00e9s teljes\u00edt\u00e9se \u00e9s a szerz\u0151d\u00e9s felt\u00e9teleinek k\u00e9s\u0151bbi bizony\u00edt\u00e1sa \u00e9rdek\u00e9ben t\u00e1rolja. \u00dcgyf\u00e9l a Woldalon t\u00f6rt\u00e9n\u0151 regisztr\u00e1ci\u00f3val hozz\u00e1j\u00e1rul ahhoz, hogy szem\u00e9lyes adatait az al\u00e1bbi c\u00e9lokra felhaszn\u00e1lhassuk:<\/span> <span style=\"color: #000000;\">3.3. Az \u00dcgyf\u00e9llel val\u00f3 kapcsolattart\u00e1s.<\/span> <span style=\"color: #000000;\">A regisztr\u00e1ci\u00f3 sor\u00e1n megadott elektronikus lev\u00e9lc\u00edmek (e-mail c\u00edmek) adatkezel\u0151 \u00e1ltali<\/span> <span style=\"color: #000000;\">felhaszn\u00e1l\u00e1s\u00e1nak m\u00f3dja a k\u00f6vetkez\u0151: az e-mail c\u00edmek kezel\u00e9se az \u00fcgyf\u00e9l azonos\u00edt\u00e1s\u00e1t, a<\/span> <span style=\"color: #000000;\">szolg\u00e1ltat\u00e1sok ig\u00e9nybev\u00e9tele sor\u00e1n a kapcsolattart\u00e1si c\u00e9lokat, illet\u0151leg az \u00fcgyf\u00e9l r\u00e9sz\u00e9re szakmai h\u00edrlev\u00e9l megk\u00fcld\u00e9s\u00e9re szolg\u00e1l. Adatkezel\u0151 az \u00e1ltala ny\u00fajtott szolg\u00e1ltat\u00e1sok, tov\u00e1bb\u00e1 egy\u00e9b hasonl\u00f3 szolg\u00e1ltat\u00e1saira vonatkoz\u00f3 t\u00e1j\u00e9koztat\u00e1st elektronikus form\u00e1ban, e-mailben juttatja el \u00fcgyf\u00e9l r\u00e9sz\u00e9re. Adatkezel\u0151 az \u00fcgyf\u00e9l kifejezett hozz\u00e1j\u00e1rul\u00e1s\u00e1val k\u00fcld a regisztr\u00e1ci\u00f3 sor\u00e1n megadott e-mail c\u00edmre t\u00e1j\u00e9koztat\u00f3 c\u00e9l\u00fa, szolg\u00e1ltat\u00e1sait vagy a jogos\u00edtv\u00e1ny megszerz\u00e9s\u00e9hez sz\u00fcks\u00e9ges inform\u00e1ci\u00f3t tartalmaz\u00f3 h\u00edrleveleket.<\/span> <span style=\"color: #000000;\">A regisztr\u00e1ci\u00f3 sor\u00e1n megadott telefonsz\u00e1m adatkezel\u0151 \u00e1ltali felhaszn\u00e1l\u00e1s\u00e1nak m\u00f3dja a k\u00f6vetkez\u0151: a telefonsz\u00e1m kezel\u00e9se az esetleges megrendel\u00e9si folyamat sor\u00e1n azonos\u00edt\u00e1si, kapcsolattart\u00e1si c\u00e9lokat szolg\u00e1l.<\/span> <span style=\"color: #000000;\">Az \u00dcgyf\u00e9l adatait sz\u00e1m\u00edt\u00e1stechnikai eszk\u00f6zzel illetve pap\u00edr form\u00e1ban t\u00f6rt\u00e9n\u0151 adatfeldolgoz\u00e1ssal kezelj\u00fck.<\/span> <span style=\"color: #000000;\">3.4. Az adatkezel\u0151 a megadott szem\u00e9lyes adatokat az e pontokban \u00edrt c\u00e9lokt\u00f3l elt\u00e9r\u0151 c\u00e9lokra nem haszn\u00e1lhatja fel. Szem\u00e9lyes adatok harmadik szem\u00e9lynek pl. hat\u00f3s\u00e1gok, oktat\u00f3k sz\u00e1m\u00e1ra t\u00f6rt\u00e9n\u0151 kiad\u00e1s\u00e1hoz a felhaszn\u00e1l\u00f3 a jelen szab\u00e1lyzat elfogad\u00e1s\u00e1val hozz\u00e1 j\u00e1rul.<\/span> <span style=\"color: #000000;\">3.5. Adatkezel\u0151 a neki megadott szem\u00e9lyes adatokat nem ellen\u0151rzi. A megadott adatok<\/span> <span style=\"color: #000000;\">megfelel\u0151s\u00e9g\u00e9\u00e9rt kiz\u00e1r\u00f3lag az azt megad\u00f3 szem\u00e9ly felel. B\u00e1rmely \u00dcgyf\u00e9l e-mail c\u00edm\u00e9nek<\/span> <span style=\"color: #000000;\">megad\u00e1sakor egyben felel\u0151ss\u00e9get v\u00e1llal az\u00e9rt, hogy a megadott e-mail c\u00edmr\u0151l kiz\u00e1r\u00f3lag \u0151 vesz<\/span> <span style=\"color: #000000;\">ig\u00e9nybe szolg\u00e1ltat\u00e1st. E felel\u0151ss\u00e9gv\u00e1llal\u00e1sra tekintettel egy megadott e-mail c\u00edmen t\u00f6rt\u00e9nt<\/span> <span style=\"color: #000000;\">bel\u00e9p\u00e9sekkel \u00f6sszef\u00fcgg\u0151 mindennem\u0171 felel\u0151ss\u00e9g kiz\u00e1r\u00f3lag azt a felhaszn\u00e1l\u00f3t terheli, aki az<\/span> <span style=\"color: #000000;\">e-mail c\u00edmet regisztr\u00e1lta.<\/span> <span style=\"color: #000000;\">4. Az adatkezel\u00e9s id\u0151tartama<\/span> <span style=\"color: #000000;\">4.1. A regisztr\u00e1ci\u00f3 sor\u00e1n k\u00f6telez\u0151en megadott adatok kezel\u00e9se a regisztr\u00e1ci\u00f3val kezd\u0151dik \u00e9s annak t\u00f6rl\u00e9s\u00e9ig tart. Nem k\u00f6telez\u0151 adatok eset\u00e9n az adatkezel\u00e9s az adat megad\u00e1s\u00e1nak id\u0151pontj\u00e1t\u00f3l a k\u00e9rd\u00e9ses adat t\u00f6rl\u00e9s\u00e9ig tart. A regisztr\u00e1ci\u00f3 sor\u00e1n r\u00f6gz\u00edtett adatok megv\u00e1ltoztat\u00e1s\u00e1t, vagy t\u00f6rl\u00e9s\u00e9t a regisztr\u00e1lt \u00dcgyf\u00e9l az Aut\u00f3siskol\u00e1n\u00e1l kezdem\u00e9nyezheti.<\/span> <span style=\"color: #000000;\">4.2. Fenti rendelkez\u00e9sek nem \u00e9rintik a jogszab\u00e1lyban (pl. sz\u00e1mviteli jogszab\u00e1lyokban)<\/span> <span style=\"color: #000000;\">meghat\u00e1rozott meg\u0151rz\u00e9si k\u00f6telezetts\u00e9gek teljes\u00edt\u00e9s\u00e9t.<\/span> <span style=\"color: #000000;\">5. Az adatokat megismerni jogosult szem\u00e9lyek k\u00f6re<\/span> <span style=\"color: #000000;\">5.1. Az adatokat els\u0151dlegesen Szolg\u00e1ltat\u00f3 illetve Szolg\u00e1ltat\u00f3val szerz\u0151d\u00e9sben lev\u0151 oktat\u00f3(k), valamint a felettes szervek jogosultak megismerni, azonban azokat nem teszik k\u00f6zz\u00e9, m\u00e1s szem\u00e9lyek r\u00e9sz\u00e9re nem adj\u00e1k \u00e1t.<\/span> <span style=\"color: #000000;\">5.2. Az alapul fekv\u0151 informatikai rendszer \u00fczemeltet\u00e9se, a megrendel\u00e9sek teljes\u00edt\u00e9se, az elsz\u00e1mol\u00e1s rendez\u00e9se k\u00f6r\u00e9ben Szolg\u00e1ltat\u00f3 adatfeldolgoz\u00f3t (pl. rendszer\u00fczemeltet\u0151, k\u00f6nyvel\u0151) vehet ig\u00e9nybe.<\/span> <span style=\"color: #000000;\">Szolg\u00e1ltat\u00f3 az ilyen k\u00fcls\u0151 szerepl\u0151k adatkezel\u00e9si gyakorlat\u00e1\u00e9rt nem felel\u0151s.<\/span> <span style=\"color: #000000;\">5.3. A fentieken t\u00fal az \u00dcgyf\u00e9lre vonatkoz\u00f3 szem\u00e9lyes adatok tov\u00e1bb\u00edt\u00e1s\u00e1ra kiz\u00e1r\u00f3lag t\u00f6rv\u00e9nyben k\u00f6telez\u0151en meghat\u00e1rozott esetben, illetve az \u00dcgyf\u00e9l hozz\u00e1j\u00e1rul\u00e1sa alapj\u00e1n ker\u00fclhet sor.<\/span> <span style=\"color: #000000;\">6. Az \u00fcgyf\u00e9l jogai<\/span> <span style=\"color: #000000;\">6.1. Az \u00dcgyf\u00e9l b\u00e1rmikor jogosult t\u00e1j\u00e9koztat\u00e1st k\u00e9rni a Szolg\u00e1ltat\u00f3 \u00e1ltal kezelt, r\u00e1 vonatkoz\u00f3<\/span> <span style=\"color: #000000;\">szem\u00e9lyes adatokr\u00f3l, tov\u00e1bb\u00e1 b\u00e1rmikor m\u00f3dos\u00edthatja azokat az \u00c1SZF-ben meghat\u00e1rozott m\u00f3don.<\/span> <span style=\"color: #000000;\">\u00dcgyf\u00e9l jogosult tov\u00e1bb\u00e1 adatai t\u00f6rl\u00e9s\u00e9nek k\u00e9r\u00e9s\u00e9re az e pontban megadott el\u00e9rhet\u0151s\u00e9gek \u00fatj\u00e1n.<\/span> <span style=\"color: #000000;\">6.2. Szolg\u00e1ltat\u00f3 az \u00dcgyf\u00e9l k\u00e9r\u00e9s\u00e9re t\u00e1j\u00e9koztat\u00e1st ad a r\u00e1 vonatkoz\u00f3, \u00e1ltala kezelt adatokr\u00f3l, az<\/span> <span style=\"color: #000000;\">adatkezel\u00e9s c\u00e9lj\u00e1r\u00f3l, jogalapj\u00e1r\u00f3l, id\u0151tartam\u00e1r\u00f3l, tov\u00e1bb\u00e1 arr\u00f3l, hogy kik \u00e9s milyen c\u00e9lb\u00f3l kapj\u00e1k vagy kapt\u00e1k meg adatait.<\/span> <span style=\"color: #000000;\">Szolg\u00e1ltat\u00f3 a k\u00e9relem beny\u00fajt\u00e1s\u00e1t\u00f3l sz\u00e1m\u00edtott 30 napon bel\u00fcl \u00edr\u00e1sban adja meg a k\u00e9rt t\u00e1j\u00e9koztat\u00e1st.<\/span> <span style=\"color: #000000;\">6.3. Az \u00e9rintett a jogait az al\u00e1bbi el\u00e9rhet\u0151s\u00e9geken gyakorolhatja:<\/span> <span style=\"color: #000000;\">Levelez\u00e9si c\u00edm: InfoCart-Team Bt., 1034 Budapest, B\u00e9csi \u00fat 125. 3 emelet 18 ajt\u00f3.<\/span> <span style=\"color: #000000;\">Az \u00dcgyf\u00e9l b\u00e1rmely, az adatkezel\u00e9ssel kapcsolatos k\u00e9rd\u00e9ssel, illetve \u00e9szrev\u00e9tellel a Szolg\u00e1ltat\u00f3<\/span> <span style=\"color: #000000;\">munkat\u00e1rs\u00e1hoz fordulhat a fenti el\u00e9rhet\u0151s\u00e9geken kereszt\u00fcl.<\/span> <span style=\"color: #000000;\">6.4. Az \u00dcgyf\u00e9l b\u00e1rmikor jogosult a helytelen\u00fcl r\u00f6gz\u00edtett adatainak helyesb\u00edt\u00e9s\u00e9t, vagy azok t\u00f6rl\u00e9s\u00e9t k\u00e9rni. \u00dcgyf\u00e9l az egyes adatai helyesb\u00edt\u00e9s\u00e9t, t\u00f6rl\u00e9s\u00e9t a Szolg\u00e1ltat\u00f3 a k\u00e9relem be\u00e9rkez\u00e9s\u00e9t\u0151l sz\u00e1m\u00edtott 3 munkanapon bel\u00fcl m\u00f3dos\u00edtja. Az adatokat, ezek ut\u00e1n nem lesznek<\/span> <span style=\"color: #000000;\">\u00fajra helyre\u00e1ll\u00edthat\u00f3k.<\/span> <span style=\"color: #000000;\">A t\u00f6rl\u00e9s nem vonatkozik a jogszab\u00e1ly (pl. sz\u00e1mviteli szab\u00e1lyoz\u00e1s) alapj\u00e1n<\/span> <span style=\"color: #000000;\">sz\u00fcks\u00e9ges adatkezel\u00e9sekre, azokat Szolg\u00e1ltat\u00f3 a sz\u00fcks\u00e9ges id\u0151tartamig meg\u0151rzi.<\/span> <span style=\"color: #000000;\">6.5. Az \u00fcgyf\u00e9l b\u00edr\u00f3s\u00e1g el\u0151tt \u00e9rv\u00e9nyes\u00edtheti jogait, k\u00e9rheti tov\u00e1bb\u00e1 az adatv\u00e9delmi biztos seg\u00edts\u00e9g\u00e9t is.<\/span> <span style=\"color: #000000;\">6.6. Amennyiben az \u00dcgyf\u00e9l szolg\u00e1ltat\u00e1s ig\u00e9nybev\u00e9tel\u00e9hez a regisztr\u00e1ci\u00f3 sor\u00e1n harmadik f\u00e9l adatait adta meg, vagy a Weboldal haszn\u00e1lata sor\u00e1n b\u00e1rmilyen m\u00f3don k\u00e1rt okozott, a Szolg\u00e1ltat\u00f3 jogosult az \u00dcgyf\u00e9llel szembeni k\u00e1rt\u00e9r\u00edt\u00e9s \u00e9rv\u00e9nyes\u00edt\u00e9s\u00e9re. A Szolg\u00e1ltat\u00f3 ilyen esetben minden t\u0151le telhet\u0151 seg\u00edts\u00e9get megad az elj\u00e1r\u00f3 hat\u00f3s\u00e1goknak a jogs\u00e9rt\u0151 szem\u00e9ly szem\u00e9lyazonoss\u00e1g\u00e1nak meg\u00e1llap\u00edt\u00e1sa c\u00e9lj\u00e1b\u00f3l.<\/span> V\u00e1s\u00e1rl\u00f3 jogosult hozz\u00e1f\u00e9r\u00e9st k\u00e9rni adataihoz, k\u00e9rheti azok helyesb\u00edt\u00e9s\u00e9t, t\u00f6rl\u00e9s\u00e9t vagy kezel\u00e9s\u00e9nek korl\u00e1toz\u00e1s\u00e1t. Panasz eset\u00e9n forduljon a <a href=\"https:\/\/www.naih.hu\/\">NAIH<\/a>-hoz vagy az illet\u00e9kes b\u00edr\u00f3s\u00e1ghoz.<\/p>\r\n<p><span style=\"color: #000000;\">7. Egy\u00e9b rendelkez\u00e9sek<\/span> <span style=\"color: #000000;\">7.1. Szolg\u00e1ltat\u00f3 rendszere a felhaszn\u00e1l\u00f3k aktivit\u00e1s\u00e1r\u00f3l adatokat gy\u0171jthet, melyek nem kapcsolhat\u00f3ak \u00f6ssze a felhaszn\u00e1l\u00f3k \u00e1ltal a regisztr\u00e1ci\u00f3kor megadott egy\u00e9b adatokkal, sem m\u00e1s honlapok vagy szolg\u00e1ltat\u00e1sok ig\u00e9nybev\u00e9telekor keletkez\u0151 adatokkal.<\/span> <span style=\"color: #000000;\">7.2. Minden olyan esetben, ha a szolg\u00e1ltatott adatokat a Szolg\u00e1ltat\u00f3 az eredeti adatfelv\u00e9tel c\u00e9lj\u00e1t\u00f3l elt\u00e9r\u0151 c\u00e9lra k\u00edv\u00e1nja felhaszn\u00e1lni, err\u0151l a felhaszn\u00e1l\u00f3t t\u00e1j\u00e9koztatja, \u00e9s ehhez el\u0151zetes, kifejezett hozz\u00e1j\u00e1rul\u00e1s\u00e1t megszerzi, illet\u0151leg lehet\u0151s\u00e9get biztos\u00edt sz\u00e1m\u00e1ra, hogy a felhaszn\u00e1l\u00e1st megtiltsa.<\/span> <span style=\"color: #000000;\">7.3. Szolg\u00e1ltat\u00f3 k\u00f6telezi mag\u00e1t, hogy gondoskodik az adatok biztons\u00e1g\u00e1r\u00f3l, megteszi tov\u00e1bb\u00e1<\/span> <span style=\"color: #000000;\">azokat a technikai int\u00e9zked\u00e9seket, amelyek biztos\u00edtj\u00e1k, hogy a felvett, t\u00e1rolt, illetve kezelt adatok v\u00e9dettek legyenek, illet\u0151leg mindent megtesz annak \u00e9rdek\u00e9ben, hogy megakad\u00e1lyozza azok megsemmis\u00fcl\u00e9s\u00e9t, jogosulatlan felhaszn\u00e1l\u00e1s\u00e1t \u00e9s jogosulatlan megv\u00e1ltoztat\u00e1s\u00e1t.<\/span> <span style=\"color: #000000;\">K\u00f6telezi mag\u00e1t arra is, hogy minden olyan harmadik felet, akiknek az adatokat esetlegesen tov\u00e1bb\u00edtja vagy \u00e1tadja, ugyancsak felh\u00edvja ez ir\u00e1ny\u00fa k\u00f6telezetts\u00e9geinek teljes\u00edt\u00e9s\u00e9re.<\/span> <span style=\"color: #000000;\">7.4. Szolg\u00e1ltat\u00f3 fenntartja a jogot, hogy jelen Szab\u00e1lyzatot az \u00dcgyfelek el\u0151zetes \u00e9rtes\u00edt\u00e9se mellett egyoldal\u00faan m\u00f3dos\u00edtsa. A m\u00f3dos\u00edt\u00e1s hat\u00e1lyba l\u00e9p\u00e9s\u00e9t k\u00f6vet\u0151en az \u00dcgyf\u00e9l a szolg\u00e1ltat\u00e1s haszn\u00e1lat\u00e1val r\u00e1utal\u00f3 magatart\u00e1ssal elfogadja a m\u00f3dos\u00edtott Szab\u00e1lyzatban foglaltakat.<\/span> <span style=\"color: #000000;\">8. Bankk\u00e1rty\u00e1s &#8211; Simplepay &#8211; fizet\u00e9sr\u0151l:<\/span> <span style=\"color: #000000;\">Weboldalunk bankk\u00e1rty\u00e1s fizet\u00e9si lehet\u0151s\u00e9get biztos\u00edt. A bankk\u00e1rty\u00e1s fizet\u00e9st a Simplepay mint szolg\u00e1ltat\u00f3, adatkezel\u0151k\u00e9nt j\u00e1r el az \u00fcgyfelek fizet\u00e9si eszk\u00f6zeivel kapcsolatos inform\u00e1ci\u00f3k tekintet\u00e9ben, amelyeket a Simplepay akkor kap meg, amikor \u00fcgyf\u00e9l (szolg\u00e1ltat\u00e1st megrendel\u0151 v\u00e1s\u00e1rl\u00f3) fizet\u00e9st kezdem\u00e9nyez.<\/span> <span style=\"color: #000000;\">A Simplepay adatkezel\u0151k\u00e9nt j\u00e1r el az \u00d6n fizet\u0151eszk\u00f6z-inform\u00e1ci\u00f3ival kapcsolatban, az adatkezel\u00e9ssel kapcsolatos tov\u00e1bbi inform\u00e1ci\u00f3k\u00e9rt tekintse meg a v\u00e9gfelhaszn\u00e9l\u00f3kra vonatkoz\u00f3 adatv\u00e9delmi szab\u00e1lyzatukat: <a href=\"https:\/\/simplepay.hu\/vasarlo-aff\" target=\"_blank\" rel=\"noopener\">https:\/\/simplepay.hu\/vasarlo-aff<\/a>\/ <\/span><span style=\"color: #000000;\">9. Bankk\u00e1rty\u00e1s &#8211; SimplePay &#8211; fizet\u00e9sr\u0151l:<\/span><\/p>\r\n<h3 style=\"text-align: center;\"><a href=\"https:\/\/simplepay.hu\/wp-content\/uploads\/2022\/03\/PaymentService_Fizetesi_tajekoztato.pdf\" target=\"_blank\" rel=\"noopener\"><span style=\"color: #000000;\">&gt;&gt;SIMPLEPAY \u2013 ONLINE FIZET\u00c9SI RENDSZER FIZET\u00c9SI T\u00c1J\u00c9KOZTAT\u00d3&lt;&lt;<\/span><\/a><\/h3>\r\n<p>&nbsp;<\/p>\r\n<h3 style=\"text-align: center;\"><span style=\"color: #000000;\">SimplePay adattov\u00e1bb\u00edt\u00e1si nyilatkozat<\/span><\/h3>\r\n<p><span style=\"color: #000000;\">A SimplePay rendszer\u00e9n kereszt\u00fcl v\u00e9gzett bankk\u00e1rty\u00e1s fizet\u00e9s eset\u00e9n a Felhaszn\u00e1l\u00f3 (V\u00e1s\u00e1rl\u00f3) tudom\u00e1sul veszi, hogy az InfoCart Bt. (1034 Budapest, B\u00e9csi \u00fat 125), mint adatkezel\u0151 \u00e1ltal \u00fczemeltetett www.infocard.hu honlap felhaszn\u00e1l\u00f3i adatb\u00e1zis\u00e1ban t\u00e1rolt al\u00e1bbi szem\u00e9lyes adatai \u00e1tad\u00e1sra ker\u00fclnek a SimplePay Zrt.\u00a0(1138 Budapest, V\u00e1ci \u00fat 135-139. B. \u00e9p. 5. em.), mint adatfeldolgoz\u00f3 r\u00e9sz\u00e9re.<\/span> <span style=\"color: #000000;\">Az adatkezel\u0151 \u00e1ltal tov\u00e1bb\u00edtott adatok k\u00f6re: v\u00e1s\u00e1rl\u00f3 neve, email c\u00edme, sz\u00e1ml\u00e1z\u00e1si c\u00edm adatok sz\u00e1ll\u00edt\u00e1si c\u00edm adatok.<\/span> <span style=\"color: #000000;\">Az adatfeldolgoz\u00f3 \u00e1ltal v\u00e9gzett adatfeldolgoz\u00e1si tev\u00e9kenys\u00e9g jellege \u00e9s c\u00e9lja a SimplePay Adatkezel\u00e9si t\u00e1j\u00e9koztat\u00f3ban, az al\u00e1bbi linken tekinthet\u0151 meg:<\/span><\/p>\r\n<p style=\"text-align: center;\"><span style=\"color: #000000;\"><a style=\"color: #000000;\" href=\"https:\/\/simplepay.hu\/vasarlo-aff\/\" target=\"_blank\" rel=\"noopener\">https:\/\/simplepay.hu\/vasarlo-aff\/<\/a><\/span><\/p>\r\n<p style=\"text-align: center;\"><img loading=\"lazy\" decoding=\"async\" class=\"wp-image-18 size-full aligncenter\" src=\"https:\/\/infocard.hu\/shop\/wp-content\/uploads\/2026\/01\/simplepay_logo-300x92-1.png\" alt=\"\" width=\"300\" height=\"92\" \/><\/p>\r\n\r\n<p>&nbsp;<\/p>","protected":false},"excerpt":{"rendered":"<p>&nbsp;<\/p>\n","protected":false},"author":1,"featured_media":0,"parent":0,"menu_order":0,"comment_status":"closed","ping_status":"closed","template":"","meta":{"pagelayer_contact_templates":[],"_pagelayer_content":"","footnotes":""},"class_list":["post-3","page","type-page","status-publish","hentry"],"jetpack_sharing_enabled":true,"_links":{"self":[{"href":"https:\/\/infocard.hu\/shop\/wp-json\/wp\/v2\/pages\/3","targetHints":{"allow":["GET"]}}],"collection":[{"href":"https:\/\/infocard.hu\/shop\/wp-json\/wp\/v2\/pages"}],"about":[{"href":"https:\/\/infocard.hu\/shop\/wp-json\/wp\/v2\/types\/page"}],"author":[{"embeddable":true,"href":"https:\/\/infocard.hu\/shop\/wp-json\/wp\/v2\/users\/1"}],"replies":[{"embeddable":true,"href":"https:\/\/infocard.hu\/shop\/wp-json\/wp\/v2\/comments?post=3"}],"version-history":[{"count":13,"href":"https:\/\/infocard.hu\/shop\/wp-json\/wp\/v2\/pages\/3\/revisions"}],"predecessor-version":[{"id":576,"href":"https:\/\/infocard.hu\/shop\/wp-json\/wp\/v2\/pages\/3\/revisions\/576"}],"wp:attachment":[{"href":"https:\/\/infocard.hu\/shop\/wp-json\/wp\/v2\/media?parent=3"}],"curies":[{"name":"wp","href":"https:\/\/api.w.org\/{rel}","templated":true}]}}